{"id":72,"date":"2017-01-03T11:14:45","date_gmt":"2017-01-03T11:14:45","guid":{"rendered":"http:\/\/bataille-de-sedan.net\/bswp\/?page_id=72"},"modified":"2019-02-15T15:59:14","modified_gmt":"2019-02-15T15:59:14","slug":"acheter","status":"publish","type":"page","link":"http:\/\/bataille-de-sedan.net\/index.php\/acheter\/","title":{"rendered":"Acheter"},"content":{"rendered":"<p>[vc_row css=&#8221;.vc_custom_1483534199501{padding-top: 30px !important;padding-bottom: 30px !important;}&#8221;][vc_column css=&#8221;.vc_custom_1483451993988{margin-top: 20px !important;padding-top: 60px !important;}&#8221;]<div class=\"\" >\n                  <div class=\"liner-wide text-center\"><span class=\"white-bg\"><\/span><\/div>\n                  <h1 class=\"main-heading align-center white-txt\">Acheter<\/h1>\n                  <div class=\"liner-wide text-center\"><span class=\"white-bg\"><\/span><\/div>\n                <\/div>[\/vc_column][\/vc_row][vc_row][vc_column width=&#8221;1\/2&#8243;][vc_single_image image=&#8221;193&#8243; img_size=&#8221;medium&#8221; alignment=&#8221;right&#8221; style=&#8221;vc_box_shadow&#8221; onclick=&#8221;link_image&#8221;][\/vc_column][vc_column width=&#8221;1\/2&#8243;]<div class=\"size-min margin-top margin-bottom white-text\" >La bataille de Sedan<\/p>\n<p>1 volume au format A4 de 535 pages paru en 2017<\/p>\n<p>137 cartes des op\u00e9rations - Tableaux des arm\u00e9es, des effectifs, des marches, des pertes. Index de plus de 100 pages d\u2019entr\u00e9es : les personnages, les arm\u00e9es, les \u00e9v\u00e9nements, les lieux.<\/p>\n<p>ISBN 978-2-903319-31-1<\/p>\n<p>54 \u20ac + port<\/p>\n<p>M\u00e9mento pour l\u2019\u00e9tude de la guerre de 1870-1871<\/p>\n<p>1 volume au format A4 de 215 pages, paru en 2016<\/p>\n<p>ISBN 978-2-903319-30-4<\/p>\n<p>35 \u20ac + port<\/p>\n<p>Origines de la guerre de 1870 - Tome I&nbsp;: \u201cLa candidature Hohenzollern\u201d, concerne la p\u00e9riode du 1er au 11 juillet.<br \/>\nLe Gouvernement, surpris par la candidature du prince allemand L\u00e9opold de Hohenzollern au tr\u00f4ne d\u2019Espagne, commet une suite d\u2019erreurs qui le conduisent dans une impasse politique et diplomatique.<br \/>\n433 pages au format A4 paru en 2018<br \/>\nISBN 978-2-903319-32-8<br \/>\n45 \u20ac le volume + port<\/p>\n<p>Origines de la guerre de 1870 - Tome II&nbsp;: \u201cLa demande de garanties\u201d, concerne la p\u00e9riode du 12 au 19 juillet.<br \/>\nPour sortir de son impasse, le Gouvernement se lance dans une folle surench\u00e8re qui ne lui laissera le choix qu\u2019entre un recul humiliant ou la guerre. Il se r\u00e9soudra \u00e0 la guerre, qui sera pour lui une catastrophe militaire et sonnera la fin du Second Empire.<br \/>\n445 pages au format A4 paru en 2018<br \/>\nISBN&nbsp;: 978-2-903319-33-5<br \/>\n45 \u20ac le volume + port<\/p>\n<p><\/div>[vc_raw_html css=&#8221;.vc_custom_1510558522501{margin-top: 20px !important;}&#8221;]JTNDZm9ybSUyMGFjdGlvbiUzRCUyMmh0dHBzJTNBJTJGJTJGd3d3LnBheXBhbC5jb20lMkZjZ2ktYmluJTJGd2Vic2NyJTIyJTIwbWV0aG9kJTNEJTIycG9zdCUyMiUyMHRhcmdldCUzRCUyMl90b3AlMjIlM0UlMEElM0NpbnB1dCUyMHR5cGUlM0QlMjJoaWRkZW4lMjIlMjBuYW1lJTNEJTIyY21kJTIyJTIwdmFsdWUlM0QlMjJfcy14Y2xpY2slMjIlM0UlMEElM0NpbnB1dCUyMHR5cGUlM0QlMjJoaWRkZW4lMjIlMjBuYW1lJTNEJTIyaG9zdGVkX2J1dHRvbl9pZCUyMiUyMHZhbHVlJTNEJTIyNDdYRUZXQ0pNUkpXTCUyMiUzRSUwQSUzQ2lucHV0JTIwdHlwZSUzRCUyMmltYWdlJTIyJTIwc3JjJTNEJTIyaHR0cHMlM0ElMkYlMkZ3d3cucGF5cGFsb2JqZWN0cy5jb20lMkZmcl9GUiUyRkJFJTJGaSUyRmJ0biUyRmJ0bl9idXlub3dDQ19MRy5naWYlMjIlMjBib3JkZXIlM0QlMjIwJTIyJTIwbmFtZSUzRCUyMnN1Ym1pdCUyMiUyMGFsdCUzRCUyMlBheVBhbCUyQyUyMGxlJTIwciVDMyVBOWZsZXhlJTIwcyVDMyVBOWN1cml0JUMzJUE5JTIwcG91ciUyMHBheWVyJTIwZW4lMjBsaWduZSUyMiUzRSUwQSUzQ2ltZyUyMGFsdCUzRCUyMiUyMiUyMGJvcmRlciUzRCUyMjAlMjIlMjBzcmMlM0QlMjJodHRwcyUzQSUyRiUyRnd3dy5wYXlwYWxvYmplY3RzLmNvbSUyRmZyX0ZSJTJGaSUyRnNjciUyRnBpeGVsLmdpZiUyMiUyMHdpZHRoJTNEJTIyMSUyMiUyMGhlaWdodCUzRCUyMjElMjIlM0UlMEElM0MlMkZmb3JtJTNF[\/vc_raw_html][\/vc_column][\/vc_row][vc_row][vc_column css=&#8221;.vc_custom_1483452892606{margin-bottom: 20px !important;padding-bottom: 50px !important;}&#8221;]<div class=\"text-center size-min white-text\" >* Vous recevrez par la poste (tarif 2019 en sus 12,43\u20ac) La Bataille de Sedan d\u2019Andr\u00e9 B\u00e9guin dans un d\u00e9lai de 4 jours ouvrables. Paiement sur demande par virement bancaire. Les ch\u00e8ques ne sont pas accept\u00e9s.<\/div>[\/vc_column][\/vc_row][vc_row css=&#8221;.vc_custom_1488176105970{padding-bottom: 57px !important;}&#8221;][vc_column width=&#8221;1\/3&#8243;][\/vc_column][vc_column width=&#8221;1\/3&#8243;]<a href=\"tel:+32489587527\" class=\"btn btn-trinity btn-trinity- btn-trinity-white center-block\" >CALL NOW<\/a>[\/vc_column][vc_column width=&#8221;1\/3&#8243;][\/vc_column][\/vc_row]<\/p>\n","protected":false},"excerpt":{"rendered":"<p>[vc_row css=&#8221;.vc_custom_1483534199501{padding-top: 30px !important;padding-bottom: 30px !important;}&#8221;][vc_column css=&#8221;.vc_custom_1483451993988{margin-top: 20px !important;padding-top: 60px !important;}&#8221;][\/vc_column][\/vc_row][vc_row][vc_column width=&#8221;1\/2&#8243;][vc_single_image image=&#8221;193&#8243; img_size=&#8221;medium&#8221; alignment=&#8221;right&#8221; style=&#8221;vc_box_shadow&#8221; onclick=&#8221;link_image&#8221;][\/vc_column][vc_column width=&#8221;1\/2&#8243;][vc_raw_html css=&#8221;.vc_custom_1510558522501{margin-top: 20px !important;}&#8221;]JTNDZm9ybSUyMGFjdGlvbiUzRCUyMmh0dHBzJTNBJTJGJTJGd3d3LnBheXBhbC5jb20lMkZjZ2ktYmluJTJGd2Vic2NyJTIyJTIwbWV0aG9kJTNEJTIycG9zdCUyMiUyMHRhcmdldCUzRCUyMl90b3AlMjIlM0UlMEElM0NpbnB1dCUyMHR5cGUlM0QlMjJoaWRkZW4lMjIlMjBuYW1lJTNEJTIyY21kJTIyJTIwdmFsdWUlM0QlMjJfcy14Y2xpY2slMjIlM0UlMEElM0NpbnB1dCUyMHR5cGUlM0QlMjJoaWRkZW4lMjIlMjBuYW1lJTNEJTIyaG9zdGVkX2J1dHRvbl9pZCUyMiUyMHZhbHVlJTNEJTIyNDdYRUZXQ0pNUkpXTCUyMiUzRSUwQSUzQ2lucHV0JTIwdHlwZSUzRCUyMmltYWdlJTIyJTIwc3JjJTNEJTIyaHR0cHMlM0ElMkYlMkZ3d3cucGF5cGFsb2JqZWN0cy5jb20lMkZmcl9GUiUyRkJFJTJGaSUyRmJ0biUyRmJ0bl9idXlub3dDQ19MRy5naWYlMjIlMjBib3JkZXIlM0QlMjIwJTIyJTIwbmFtZSUzRCUyMnN1Ym1pdCUyMiUyMGFsdCUzRCUyMlBheVBhbCUyQyUyMGxlJTIwciVDMyVBOWZsZXhlJTIwcyVDMyVBOWN1cml0JUMzJUE5JTIwcG91ciUyMHBheWVyJTIwZW4lMjBsaWduZSUyMiUzRSUwQSUzQ2ltZyUyMGFsdCUzRCUyMiUyMiUyMGJvcmRlciUzRCUyMjAlMjIlMjBzcmMlM0QlMjJodHRwcyUzQSUyRiUyRnd3dy5wYXlwYWxvYmplY3RzLmNvbSUyRmZyX0ZSJTJGaSUyRnNjciUyRnBpeGVsLmdpZiUyMiUyMHdpZHRoJTNEJTIyMSUyMiUyMGhlaWdodCUzRCUyMjElMjIlM0UlMEElM0MlMkZmb3JtJTNF[\/vc_raw_html][\/vc_column][\/vc_row][vc_row][vc_column css=&#8221;.vc_custom_1483452892606{margin-bottom: 20px !important;padding-bottom: 50px !important;}&#8221;][\/vc_column][\/vc_row][vc_row css=&#8221;.vc_custom_1488176105970{padding-bottom: 57px !important;}&#8221;][vc_column width=&#8221;1\/3&#8243;][\/vc_column][vc_column width=&#8221;1\/3&#8243;][\/vc_column][vc_column width=&#8221;1\/3&#8243;][\/vc_column][\/vc_row]<\/p>\n","protected":false},"author":1,"featured_media":0,"parent":0,"menu_order":5,"comment_status":"closed","ping_status":"closed","template":"","meta":{"footnotes":""},"class_list":["post-72","page","type-page","status-publish","hentry"],"yoast_head":"<!-- This site is optimized with the Yoast SEO plugin v27.5 - https:\/\/yoast.com\/product\/yoast-seo-wordpress\/ -->\n<title>Acheter - La Bataille de Sedan<\/title>\n<meta name=\"robots\" content=\"index, follow, max-snippet:-1, max-image-preview:large, max-video-preview:-1\" \/>\n<link rel=\"canonical\" href=\"http:\/\/bataille-de-sedan.net\/index.php\/acheter\/\" \/>\n<meta property=\"og:locale\" content=\"en_GB\" \/>\n<meta property=\"og:type\" content=\"article\" \/>\n<meta property=\"og:title\" content=\"Acheter - La Bataille de Sedan\" \/>\n<meta property=\"og:description\" content=\"[vc_row css=&#8221;.vc_custom_1483534199501{padding-top: 30px !important;padding-bottom: 30px !important;}&#8221;][vc_column css=&#8221;.vc_custom_1483451993988{margin-top: 20px !important;padding-top: 60px !important;}&#8221;][\/vc_column][\/vc_row][vc_row][vc_column width=&#8221;1\/2&#8243;][vc_single_image image=&#8221;193&#8243; img_size=&#8221;medium&#8221; alignment=&#8221;right&#8221; style=&#8221;vc_box_shadow&#8221; onclick=&#8221;link_image&#8221;][\/vc_column][vc_column width=&#8221;1\/2&#8243;][vc_raw_html css=&#8221;.vc_custom_1510558522501{margin-top: 20px !important;}&#8221;]JTNDZm9ybSUyMGFjdGlvbiUzRCUyMmh0dHBzJTNBJTJGJTJGd3d3LnBheXBhbC5jb20lMkZjZ2ktYmluJTJGd2Vic2NyJTIyJTIwbWV0aG9kJTNEJTIycG9zdCUyMiUyMHRhcmdldCUzRCUyMl90b3AlMjIlM0UlMEElM0NpbnB1dCUyMHR5cGUlM0QlMjJoaWRkZW4lMjIlMjBuYW1lJTNEJTIyY21kJTIyJTIwdmFsdWUlM0QlMjJfcy14Y2xpY2slMjIlM0UlMEElM0NpbnB1dCUyMHR5cGUlM0QlMjJoaWRkZW4lMjIlMjBuYW1lJTNEJTIyaG9zdGVkX2J1dHRvbl9pZCUyMiUyMHZhbHVlJTNEJTIyNDdYRUZXQ0pNUkpXTCUyMiUzRSUwQSUzQ2lucHV0JTIwdHlwZSUzRCUyMmltYWdlJTIyJTIwc3JjJTNEJTIyaHR0cHMlM0ElMkYlMkZ3d3cucGF5cGFsb2JqZWN0cy5jb20lMkZmcl9GUiUyRkJFJTJGaSUyRmJ0biUyRmJ0bl9idXlub3dDQ19MRy5naWYlMjIlMjBib3JkZXIlM0QlMjIwJTIyJTIwbmFtZSUzRCUyMnN1Ym1pdCUyMiUyMGFsdCUzRCUyMlBheVBhbCUyQyUyMGxlJTIwciVDMyVBOWZsZXhlJTIwcyVDMyVBOWN1cml0JUMzJUE5JTIwcG91ciUyMHBheWVyJTIwZW4lMjBsaWduZSUyMiUzRSUwQSUzQ2ltZyUyMGFsdCUzRCUyMiUyMiUyMGJvcmRlciUzRCUyMjAlMjIlMjBzcmMlM0QlMjJodHRwcyUzQSUyRiUyRnd3dy5wYXlwYWxvYmplY3RzLmNvbSUyRmZyX0ZSJTJGaSUyRnNjciUyRnBpeGVsLmdpZiUyMiUyMHdpZHRoJTNEJTIyMSUyMiUyMGhlaWdodCUzRCUyMjElMjIlM0UlMEElM0MlMkZmb3JtJTNF[\/vc_raw_html][\/vc_column][\/vc_row][vc_row][vc_column css=&#8221;.vc_custom_1483452892606{margin-bottom: 20px !important;padding-bottom: 50px !important;}&#8221;][\/vc_column][\/vc_row][vc_row css=&#8221;.vc_custom_1488176105970{padding-bottom: 57px !important;}&#8221;][vc_column width=&#8221;1\/3&#8243;][\/vc_column][vc_column width=&#8221;1\/3&#8243;][\/vc_column][vc_column width=&#8221;1\/3&#8243;][\/vc_column][\/vc_row]\" \/>\n<meta property=\"og:url\" content=\"http:\/\/bataille-de-sedan.net\/index.php\/acheter\/\" \/>\n<meta property=\"og:site_name\" content=\"La Bataille de Sedan\" \/>\n<meta property=\"article:modified_time\" content=\"2019-02-15T15:59:14+00:00\" \/>\n<meta name=\"twitter:card\" content=\"summary_large_image\" \/>\n<meta name=\"twitter:label1\" content=\"Estimated reading time\" \/>\n\t<meta name=\"twitter:data1\" content=\"3 minutes\" \/>\n<script type=\"application\/ld+json\" class=\"yoast-schema-graph\">{\"@context\":\"https:\\\/\\\/schema.org\",\"@graph\":[{\"@type\":\"WebPage\",\"@id\":\"http:\\\/\\\/bataille-de-sedan.net\\\/index.php\\\/acheter\\\/\",\"url\":\"http:\\\/\\\/bataille-de-sedan.net\\\/index.php\\\/acheter\\\/\",\"name\":\"Acheter - La Bataille de Sedan\",\"isPartOf\":{\"@id\":\"http:\\\/\\\/bataille-de-sedan.net\\\/#website\"},\"datePublished\":\"2017-01-03T11:14:45+00:00\",\"dateModified\":\"2019-02-15T15:59:14+00:00\",\"breadcrumb\":{\"@id\":\"http:\\\/\\\/bataille-de-sedan.net\\\/index.php\\\/acheter\\\/#breadcrumb\"},\"inLanguage\":\"en-GB\",\"potentialAction\":[{\"@type\":\"ReadAction\",\"target\":[\"http:\\\/\\\/bataille-de-sedan.net\\\/index.php\\\/acheter\\\/\"]}]},{\"@type\":\"BreadcrumbList\",\"@id\":\"http:\\\/\\\/bataille-de-sedan.net\\\/index.php\\\/acheter\\\/#breadcrumb\",\"itemListElement\":[{\"@type\":\"ListItem\",\"position\":1,\"name\":\"Home\",\"item\":\"http:\\\/\\\/bataille-de-sedan.net\\\/\"},{\"@type\":\"ListItem\",\"position\":2,\"name\":\"Acheter\"}]},{\"@type\":\"WebSite\",\"@id\":\"http:\\\/\\\/bataille-de-sedan.net\\\/#website\",\"url\":\"http:\\\/\\\/bataille-de-sedan.net\\\/\",\"name\":\"La Bataille de Sedan\",\"description\":\"L&#039;ouvrage d&#039;Andr\u00e9 B\u00e9guin\",\"potentialAction\":[{\"@type\":\"SearchAction\",\"target\":{\"@type\":\"EntryPoint\",\"urlTemplate\":\"http:\\\/\\\/bataille-de-sedan.net\\\/?s={search_term_string}\"},\"query-input\":{\"@type\":\"PropertyValueSpecification\",\"valueRequired\":true,\"valueName\":\"search_term_string\"}}],\"inLanguage\":\"en-GB\"}]}<\/script>\n<!-- \/ Yoast SEO plugin. -->","yoast_head_json":{"title":"Acheter - La Bataille de Sedan","robots":{"index":"index","follow":"follow","max-snippet":"max-snippet:-1","max-image-preview":"max-image-preview:large","max-video-preview":"max-video-preview:-1"},"canonical":"http:\/\/bataille-de-sedan.net\/index.php\/acheter\/","og_locale":"en_GB","og_type":"article","og_title":"Acheter - La Bataille de Sedan","og_description":"[vc_row css=&#8221;.vc_custom_1483534199501{padding-top: 30px !important;padding-bottom: 30px !important;}&#8221;][vc_column css=&#8221;.vc_custom_1483451993988{margin-top: 20px !important;padding-top: 60px !important;}&#8221;][\/vc_column][\/vc_row][vc_row][vc_column width=&#8221;1\/2&#8243;][vc_single_image image=&#8221;193&#8243; img_size=&#8221;medium&#8221; alignment=&#8221;right&#8221; style=&#8221;vc_box_shadow&#8221; onclick=&#8221;link_image&#8221;][\/vc_column][vc_column width=&#8221;1\/2&#8243;][vc_raw_html css=&#8221;.vc_custom_1510558522501{margin-top: 20px !important;}&#8221;]JTNDZm9ybSUyMGFjdGlvbiUzRCUyMmh0dHBzJTNBJTJGJTJGd3d3LnBheXBhbC5jb20lMkZjZ2ktYmluJTJGd2Vic2NyJTIyJTIwbWV0aG9kJTNEJTIycG9zdCUyMiUyMHRhcmdldCUzRCUyMl90b3AlMjIlM0UlMEElM0NpbnB1dCUyMHR5cGUlM0QlMjJoaWRkZW4lMjIlMjBuYW1lJTNEJTIyY21kJTIyJTIwdmFsdWUlM0QlMjJfcy14Y2xpY2slMjIlM0UlMEElM0NpbnB1dCUyMHR5cGUlM0QlMjJoaWRkZW4lMjIlMjBuYW1lJTNEJTIyaG9zdGVkX2J1dHRvbl9pZCUyMiUyMHZhbHVlJTNEJTIyNDdYRUZXQ0pNUkpXTCUyMiUzRSUwQSUzQ2lucHV0JTIwdHlwZSUzRCUyMmltYWdlJTIyJTIwc3JjJTNEJTIyaHR0cHMlM0ElMkYlMkZ3d3cucGF5cGFsb2JqZWN0cy5jb20lMkZmcl9GUiUyRkJFJTJGaSUyRmJ0biUyRmJ0bl9idXlub3dDQ19MRy5naWYlMjIlMjBib3JkZXIlM0QlMjIwJTIyJTIwbmFtZSUzRCUyMnN1Ym1pdCUyMiUyMGFsdCUzRCUyMlBheVBhbCUyQyUyMGxlJTIwciVDMyVBOWZsZXhlJTIwcyVDMyVBOWN1cml0JUMzJUE5JTIwcG91ciUyMHBheWVyJTIwZW4lMjBsaWduZSUyMiUzRSUwQSUzQ2ltZyUyMGFsdCUzRCUyMiUyMiUyMGJvcmRlciUzRCUyMjAlMjIlMjBzcmMlM0QlMjJodHRwcyUzQSUyRiUyRnd3dy5wYXlwYWxvYmplY3RzLmNvbSUyRmZyX0ZSJTJGaSUyRnNjciUyRnBpeGVsLmdpZiUyMiUyMHdpZHRoJTNEJTIyMSUyMiUyMGhlaWdodCUzRCUyMjElMjIlM0UlMEElM0MlMkZmb3JtJTNF[\/vc_raw_html][\/vc_column][\/vc_row][vc_row][vc_column css=&#8221;.vc_custom_1483452892606{margin-bottom: 20px !important;padding-bottom: 50px !important;}&#8221;][\/vc_column][\/vc_row][vc_row css=&#8221;.vc_custom_1488176105970{padding-bottom: 57px !important;}&#8221;][vc_column width=&#8221;1\/3&#8243;][\/vc_column][vc_column width=&#8221;1\/3&#8243;][\/vc_column][vc_column width=&#8221;1\/3&#8243;][\/vc_column][\/vc_row]","og_url":"http:\/\/bataille-de-sedan.net\/index.php\/acheter\/","og_site_name":"La Bataille de Sedan","article_modified_time":"2019-02-15T15:59:14+00:00","twitter_card":"summary_large_image","twitter_misc":{"Estimated reading time":"3 minutes"},"schema":{"@context":"https:\/\/schema.org","@graph":[{"@type":"WebPage","@id":"http:\/\/bataille-de-sedan.net\/index.php\/acheter\/","url":"http:\/\/bataille-de-sedan.net\/index.php\/acheter\/","name":"Acheter - La Bataille de Sedan","isPartOf":{"@id":"http:\/\/bataille-de-sedan.net\/#website"},"datePublished":"2017-01-03T11:14:45+00:00","dateModified":"2019-02-15T15:59:14+00:00","breadcrumb":{"@id":"http:\/\/bataille-de-sedan.net\/index.php\/acheter\/#breadcrumb"},"inLanguage":"en-GB","potentialAction":[{"@type":"ReadAction","target":["http:\/\/bataille-de-sedan.net\/index.php\/acheter\/"]}]},{"@type":"BreadcrumbList","@id":"http:\/\/bataille-de-sedan.net\/index.php\/acheter\/#breadcrumb","itemListElement":[{"@type":"ListItem","position":1,"name":"Home","item":"http:\/\/bataille-de-sedan.net\/"},{"@type":"ListItem","position":2,"name":"Acheter"}]},{"@type":"WebSite","@id":"http:\/\/bataille-de-sedan.net\/#website","url":"http:\/\/bataille-de-sedan.net\/","name":"La Bataille de Sedan","description":"L&#039;ouvrage d&#039;Andr\u00e9 B\u00e9guin","potentialAction":[{"@type":"SearchAction","target":{"@type":"EntryPoint","urlTemplate":"http:\/\/bataille-de-sedan.net\/?s={search_term_string}"},"query-input":{"@type":"PropertyValueSpecification","valueRequired":true,"valueName":"search_term_string"}}],"inLanguage":"en-GB"}]}},"_links":{"self":[{"href":"http:\/\/bataille-de-sedan.net\/index.php\/wp-json\/wp\/v2\/pages\/72","targetHints":{"allow":["GET"]}}],"collection":[{"href":"http:\/\/bataille-de-sedan.net\/index.php\/wp-json\/wp\/v2\/pages"}],"about":[{"href":"http:\/\/bataille-de-sedan.net\/index.php\/wp-json\/wp\/v2\/types\/page"}],"author":[{"embeddable":true,"href":"http:\/\/bataille-de-sedan.net\/index.php\/wp-json\/wp\/v2\/users\/1"}],"replies":[{"embeddable":true,"href":"http:\/\/bataille-de-sedan.net\/index.php\/wp-json\/wp\/v2\/comments?post=72"}],"version-history":[{"count":49,"href":"http:\/\/bataille-de-sedan.net\/index.php\/wp-json\/wp\/v2\/pages\/72\/revisions"}],"predecessor-version":[{"id":295,"href":"http:\/\/bataille-de-sedan.net\/index.php\/wp-json\/wp\/v2\/pages\/72\/revisions\/295"}],"wp:attachment":[{"href":"http:\/\/bataille-de-sedan.net\/index.php\/wp-json\/wp\/v2\/media?parent=72"}],"curies":[{"name":"wp","href":"https:\/\/api.w.org\/{rel}","templated":true}]}}